{"version":"1.0","provider_name":"vaasanvaalipiirinvihreat.fi","provider_url":"https:\/\/vaasanvaalipiirinvihreat.fi","author_name":"Yll\u00e4pit\u00e4j\u00e4","author_url":"https:\/\/vaasanvaalipiirinvihreat.fi\/index.php\/author\/sivustomestari\/","title":"Ihmisarvo ei n\u00e4y rasvaprosentissa - vaasanvaalipiirinvihreat.fi","type":"rich","width":600,"height":338,"html":"<blockquote class=\"wp-embedded-content\" data-secret=\"bQuUNthjSA\"><a href=\"https:\/\/vaasanvaalipiirinvihreat.fi\/index.php\/2020\/12\/14\/ihmisarvo-ei-nay-rasvaprosentissa\/\">Ihmisarvo ei n\u00e4y rasvaprosentissa<\/a><\/blockquote><iframe sandbox=\"allow-scripts\" security=\"restricted\" src=\"https:\/\/vaasanvaalipiirinvihreat.fi\/index.php\/2020\/12\/14\/ihmisarvo-ei-nay-rasvaprosentissa\/embed\/#?secret=bQuUNthjSA\" width=\"600\" height=\"338\" title=\"&#8221;Ihmisarvo ei n\u00e4y rasvaprosentissa&#8221; &#8212; vaasanvaalipiirinvihreat.fi\" data-secret=\"bQuUNthjSA\" frameborder=\"0\" marginwidth=\"0\" marginheight=\"0\" scrolling=\"no\" class=\"wp-embedded-content\"><\/iframe><script>\n\/*! This file is auto-generated *\/\n!function(d,l){\"use strict\";l.querySelector&&d.addEventListener&&\"undefined\"!=typeof URL&&(d.wp=d.wp||{},d.wp.receiveEmbedMessage||(d.wp.receiveEmbedMessage=function(e){var t=e.data;if((t||t.secret||t.message||t.value)&&!\/[^a-zA-Z0-9]\/.test(t.secret)){for(var s,r,n,a=l.querySelectorAll('iframe[data-secret=\"'+t.secret+'\"]'),o=l.querySelectorAll('blockquote[data-secret=\"'+t.secret+'\"]'),c=new RegExp(\"^https?:$\",\"i\"),i=0;i<o.length;i++)o[i].style.display=\"none\";for(i=0;i<a.length;i++)s=a[i],e.source===s.contentWindow&&(s.removeAttribute(\"style\"),\"height\"===t.message?(1e3<(r=parseInt(t.value,10))?r=1e3:~~r<200&&(r=200),s.height=r):\"link\"===t.message&&(r=new URL(s.getAttribute(\"src\")),n=new URL(t.value),c.test(n.protocol))&&n.host===r.host&&l.activeElement===s&&(d.top.location.href=t.value))}},d.addEventListener(\"message\",d.wp.receiveEmbedMessage,!1),l.addEventListener(\"DOMContentLoaded\",function(){for(var e,t,s=l.querySelectorAll(\"iframe.wp-embedded-content\"),r=0;r<s.length;r++)(t=(e=s[r]).getAttribute(\"data-secret\"))||(t=Math.random().toString(36).substring(2,12),e.src+=\"#?secret=\"+t,e.setAttribute(\"data-secret\",t)),e.contentWindow.postMessage({message:\"ready\",secret:t},\"*\")},!1)))}(window,document);\n\/\/# sourceURL=https:\/\/vaasanvaalipiirinvihreat.fi\/wp-includes\/js\/wp-embed.min.js\n<\/script>\n","thumbnail_url":"https:\/\/vaasanvaalipiirinvihreat.fi\/wp-content\/uploads\/2019\/12\/aisha-ConvertImage.jpg","thumbnail_width":1287,"thumbnail_height":846,"description":"2020 voidaan merkit\u00e4 historiaan vuotena, jonka keston ja tapahtumien m\u00e4\u00e4r\u00e4n voisi mitata vuosikymmeniss\u00e4, ei kuukausissa. Tavallisesti kertoisin t\u00e4ss\u00e4 kolumnissa kaikista niist\u00e4 ihmisoikeusrikkomuksista, joita on tapahtunut edellisen kolumnini julkaisuun j\u00e4lkeen. Kertoisin, kuinka Kiinassa miljoonia uiguureja on yh\u00e4 vangittuina keskitysleireill\u00e4 ja pakkoty\u00f6leireill\u00e4, kuinka Valko-Ven\u00e4j\u00e4n mielenosoittajat ovat joutuneet poliisiv\u00e4kivallan uhreiksi ja kuolleita on seitsem\u00e4n, tai kuinka poliittinen, etenkin [&hellip;]"}