{"id":1936,"date":"2025-01-20T16:10:43","date_gmt":"2025-01-20T14:10:43","guid":{"rendered":"https:\/\/vaasanvaalipiirinvihreat.fi\/?page_id=1936"},"modified":"2025-01-21T13:17:40","modified_gmt":"2025-01-21T11:17:40","slug":"etusivu","status":"publish","type":"page","link":"https:\/\/vaasanvaalipiirinvihreat.fi\/","title":{"rendered":"etusivu"},"content":{"rendered":"\t\t<div data-elementor-type=\"wp-post\" data-elementor-id=\"1936\" class=\"elementor elementor-1936\" data-elementor-post-type=\"page\">\n\t\t\t\t<div class=\"elementor-element elementor-element-924831e e-flex e-con-boxed e-con e-parent\" data-id=\"924831e\" data-element_type=\"container\" data-e-type=\"container\">\n\t\t\t\t\t<div class=\"e-con-inner\">\n\t\t<div class=\"elementor-element elementor-element-49369f7 e-con-full e-flex e-con e-child\" data-id=\"49369f7\" data-element_type=\"container\" data-e-type=\"container\">\n\t\t\t\t<div class=\"elementor-element elementor-element-95915fc elementor-widget elementor-widget-text-editor\" data-id=\"95915fc\" data-element_type=\"widget\" data-e-type=\"widget\" data-widget_type=\"text-editor.default\">\n\t\t\t\t<div class=\"elementor-widget-container\">\n\t\t\t\t\t\t\t\t\t<h1>Tule mukaan rakentamaan vihre\u00e4mp\u00e4\u00e4 maailmaa! Bli medlem i partiet!<\/h1><p>Vihre\u00e4n liiton j\u00e4senyys on kannanotto maailman menoon. J\u00e4senen\u00e4 voit halutessasi my\u00f6s itse osallistua aktiivisesti vihreiden toimintaan.<\/p><p>Maksamalla j\u00e4senmaksun tuet ty\u00f6t\u00e4mme paremman maailman puolesta.<\/p><p>Medlemskap i De Gr\u00f6na \u00e4r ett uttalande till f\u00f6rm\u00e5n f\u00f6r de gr\u00f6nas v\u00e4rderingar. Om du vill att Finland ska fr\u00e4mja kampen mot klimatkrisen, stoppa f\u00f6rlusten av natur, en h\u00e5llbar ekonomi, investera i utbildning och ta hand om de som har den svagaste positionen, kan du p\u00e5verka dessa saker genom att vara medlem i partiet.<\/p><p><a href=\"https:\/\/asiointi.vihreat.fi\/liittymislomake\" target=\"_blank\" rel=\"noopener\">Liity j\u00e4seneksi t\u00e4st\u00e4.<\/a><\/p><p><a href=\"https:\/\/asiointi.vihreat.fi\/liittymislomake\" target=\"_blank\" rel=\"noopener\">Bli medlem.<\/a><\/p>\t\t\t\t\t\t\t\t<\/div>\n\t\t\t\t<\/div>\n\t\t\t\t<div class=\"elementor-element elementor-element-cd919b3 elementor-widget elementor-widget-image\" data-id=\"cd919b3\" data-element_type=\"widget\" data-e-type=\"widget\" data-widget_type=\"image.default\">\n\t\t\t\t<div class=\"elementor-widget-container\">\n\t\t\t\t\t\t\t\t\t\t\t\t\t\t\t<img fetchpriority=\"high\" decoding=\"async\" width=\"800\" height=\"534\" src=\"https:\/\/vaasanvaalipiirinvihreat.fi\/wp-content\/uploads\/2025\/01\/pekka-haavisto-puisto-1536x1024-1-1024x683.jpg\" class=\"attachment-large size-large wp-image-1942\" alt=\"\" srcset=\"https:\/\/vaasanvaalipiirinvihreat.fi\/wp-content\/uploads\/2025\/01\/pekka-haavisto-puisto-1536x1024-1-1024x683.jpg 1024w, https:\/\/vaasanvaalipiirinvihreat.fi\/wp-content\/uploads\/2025\/01\/pekka-haavisto-puisto-1536x1024-1-300x200.jpg 300w, https:\/\/vaasanvaalipiirinvihreat.fi\/wp-content\/uploads\/2025\/01\/pekka-haavisto-puisto-1536x1024-1-768x512.jpg 768w, https:\/\/vaasanvaalipiirinvihreat.fi\/wp-content\/uploads\/2025\/01\/pekka-haavisto-puisto-1536x1024-1.jpg 1536w\" sizes=\"(max-width: 800px) 100vw, 800px\" \/>\t\t\t\t\t\t\t\t\t\t\t\t\t\t\t<\/div>\n\t\t\t\t<\/div>\n\t\t\t\t<div class=\"elementor-element elementor-element-d2b747e elementor-widget elementor-widget-text-editor\" data-id=\"d2b747e\" data-element_type=\"widget\" data-e-type=\"widget\" data-widget_type=\"text-editor.default\">\n\t\t\t\t<div class=\"elementor-widget-container\">\n\t\t\t\t\t\t\t\t\t<h2>Vaasan vaalipiirin alueella vaikuttaa kuusi eri vihre\u00e4\u00e4 yhdistyst\u00e4, jotka ovat<\/h2><p>Keski-Pohjanmaan Vihre\u00e4t ry, De Gr\u00f6na i Mellersta \u00d6sterbotten rf<br \/>Etel\u00e4-Pohjanmaan Vihre\u00e4t ry<br \/>Vaasan vihre\u00e4t nuoret ja opiskelijat<br \/>Rannikko-Pohjanmaan Vihre\u00e4t ry \u2013 De Gr\u00f6na i Kust\u00f6sterbotten rf<br \/>Lakeuden vihre\u00e4t naiset<br \/>Pietarsaaren Vihre\u00e4t rf \u2013 De Gr\u00f6na i Jakobstad<\/p><p>Lis\u00e4tietoja eri yhdistyksist\u00e4 l\u00f6yd\u00e4t <a href=\"https:\/\/vaasanvaalipiirinvihreat.fi\/tuonti\/yhteystiedot\/\">t\u00e4\u00e4lt\u00e4<\/a>.<\/p>\t\t\t\t\t\t\t\t<\/div>\n\t\t\t\t<\/div>\n\t\t\t\t<\/div>\n\t\t<div class=\"elementor-element elementor-element-92cf8e9 e-con-full e-flex e-con e-child\" data-id=\"92cf8e9\" data-element_type=\"container\" data-e-type=\"container\">\n\t\t\t\t<div class=\"elementor-element elementor-element-5a04f6c elementor-widget elementor-widget-facebook-page\" data-id=\"5a04f6c\" data-element_type=\"widget\" data-e-type=\"widget\" data-widget_type=\"facebook-page.default\">\n\t\t\t\t<div class=\"elementor-widget-container\">\n\t\t\t\t\t<div class=\"elementor-facebook-widget fb-page\" data-href=\"https:\/\/www.facebook.com\/VaasanVaalipiirinVihreat\" data-tabs=\"timeline\" data-height=\"500px\" data-width=\"500px\" data-small-header=\"false\" data-hide-cover=\"false\" data-show-facepile=\"true\" data-hide-cta=\"false\" style=\"min-height: 1px;height:500px\"><\/div>\t\t\t\t<\/div>\n\t\t\t\t<\/div>\n\t\t\t\t<\/div>\n\t\t\t\t\t<\/div>\n\t\t\t\t<\/div>\n\t\t\t\t<\/div>\n\t\t","protected":false},"excerpt":{"rendered":"<p>Tule mukaan rakentamaan vihre\u00e4mp\u00e4\u00e4 maailmaa! Bli medlem i partiet! Vihre\u00e4n liiton j\u00e4senyys on kannanotto maailman menoon. J\u00e4senen\u00e4 voit halutessasi my\u00f6s itse osallistua aktiivisesti vihreiden toimintaan. Maksamalla j\u00e4senmaksun tuet ty\u00f6t\u00e4mme paremman maailman puolesta. Medlemskap i De Gr\u00f6na \u00e4r ett uttalande till f\u00f6rm\u00e5n f\u00f6r de gr\u00f6nas v\u00e4rderingar. Om du vill att Finland ska fr\u00e4mja kampen mot klimatkrisen, [&hellip;]<\/p>\n","protected":false},"author":1,"featured_media":0,"parent":0,"menu_order":0,"comment_status":"closed","ping_status":"closed","template":"","meta":{"footnotes":""},"class_list":["post-1936","page","type-page","status-publish","hentry"],"yoast_head":"<!-- This site is optimized with the Yoast SEO plugin v27.5 - https:\/\/yoast.com\/product\/yoast-seo-wordpress\/ -->\n<title>Vaasan vaalipiirin vihre\u00e4t - De Gr\u00f6na i Vasa valkrets<\/title>\n<meta name=\"description\" content=\"Vaasan vaalipiirin vihre\u00e4t on Vihre\u00e4 liitto rp:n piiriyhdistys. Alueemme kattaa Etel\u00e4-Pohjanmaan, Pohjanmaan ja Keski-Pohjanmaan maakunnat.\" \/>\n<meta name=\"robots\" content=\"index, follow, max-snippet:-1, max-image-preview:large, max-video-preview:-1\" \/>\n<link rel=\"canonical\" href=\"https:\/\/vaasanvaalipiirinvihreat.fi\/\" \/>\n<meta property=\"og:locale\" content=\"fi_FI\" \/>\n<meta property=\"og:type\" content=\"article\" \/>\n<meta property=\"og:title\" content=\"Vaasan vaalipiirin vihre\u00e4t - De Gr\u00f6na i Vasa valkrets\" \/>\n<meta property=\"og:description\" content=\"Vaasan vaalipiirin vihre\u00e4t on Vihre\u00e4 liitto rp:n piiriyhdistys, jonka toimialue kattaa Etel\u00e4-Pohjanmaan, Pohjanmaan ja Keski-Pohjanmaan maakunnat.\" \/>\n<meta property=\"og:url\" content=\"https:\/\/vaasanvaalipiirinvihreat.fi\/\" \/>\n<meta property=\"og:site_name\" content=\"vaasanvaalipiirinvihreat.fi\" \/>\n<meta property=\"article:publisher\" content=\"https:\/\/www.facebook.com\/VaasanVaalipiirinVihreat\" \/>\n<meta property=\"article:modified_time\" content=\"2025-01-21T11:17:40+00:00\" \/>\n<meta property=\"og:image\" content=\"https:\/\/vaasanvaalipiirinvihreat.fi\/wp-content\/uploads\/2025\/01\/Vihreat_Logo_HOR_RGB_FIN_SWE.png\" \/>\n\t<meta property=\"og:image:width\" content=\"1162\" \/>\n\t<meta property=\"og:image:height\" content=\"409\" \/>\n\t<meta property=\"og:image:type\" content=\"image\/png\" \/>\n<meta name=\"twitter:card\" content=\"summary_large_image\" \/>\n<meta name=\"twitter:label1\" content=\"Arvioitu lukuaika\" \/>\n\t<meta name=\"twitter:data1\" content=\"2 minuuttia\" \/>\n<script type=\"application\/ld+json\" class=\"yoast-schema-graph\">{\"@context\":\"https:\\\/\\\/schema.org\",\"@graph\":[{\"@type\":\"WebPage\",\"@id\":\"https:\\\/\\\/vaasanvaalipiirinvihreat.fi\\\/\",\"url\":\"https:\\\/\\\/vaasanvaalipiirinvihreat.fi\\\/\",\"name\":\"Vaasan vaalipiirin vihre\u00e4t - De Gr\u00f6na i Vasa valkrets\",\"isPartOf\":{\"@id\":\"https:\\\/\\\/vaasanvaalipiirinvihreat.fi\\\/#website\"},\"primaryImageOfPage\":{\"@id\":\"https:\\\/\\\/vaasanvaalipiirinvihreat.fi\\\/#primaryimage\"},\"image\":{\"@id\":\"https:\\\/\\\/vaasanvaalipiirinvihreat.fi\\\/#primaryimage\"},\"thumbnailUrl\":\"https:\\\/\\\/vaasanvaalipiirinvihreat.fi\\\/wp-content\\\/uploads\\\/2025\\\/01\\\/pekka-haavisto-puisto-1536x1024-1-1024x683.jpg\",\"datePublished\":\"2025-01-20T14:10:43+00:00\",\"dateModified\":\"2025-01-21T11:17:40+00:00\",\"description\":\"Vaasan vaalipiirin vihre\u00e4t on Vihre\u00e4 liitto rp:n piiriyhdistys. Alueemme kattaa Etel\u00e4-Pohjanmaan, Pohjanmaan ja Keski-Pohjanmaan maakunnat.\",\"breadcrumb\":{\"@id\":\"https:\\\/\\\/vaasanvaalipiirinvihreat.fi\\\/#breadcrumb\"},\"inLanguage\":\"fi\",\"potentialAction\":[{\"@type\":\"ReadAction\",\"target\":[\"https:\\\/\\\/vaasanvaalipiirinvihreat.fi\\\/\"]}]},{\"@type\":\"ImageObject\",\"inLanguage\":\"fi\",\"@id\":\"https:\\\/\\\/vaasanvaalipiirinvihreat.fi\\\/#primaryimage\",\"url\":\"https:\\\/\\\/vaasanvaalipiirinvihreat.fi\\\/wp-content\\\/uploads\\\/2025\\\/01\\\/pekka-haavisto-puisto-1536x1024-1.jpg\",\"contentUrl\":\"https:\\\/\\\/vaasanvaalipiirinvihreat.fi\\\/wp-content\\\/uploads\\\/2025\\\/01\\\/pekka-haavisto-puisto-1536x1024-1.jpg\",\"width\":1536,\"height\":1024},{\"@type\":\"BreadcrumbList\",\"@id\":\"https:\\\/\\\/vaasanvaalipiirinvihreat.fi\\\/#breadcrumb\",\"itemListElement\":[{\"@type\":\"ListItem\",\"position\":1,\"name\":\"Etusivu\",\"item\":\"https:\\\/\\\/vaasanvaalipiirinvihreat.fi\\\/\"},{\"@type\":\"ListItem\",\"position\":2,\"name\":\"etusivu\"}]},{\"@type\":\"WebSite\",\"@id\":\"https:\\\/\\\/vaasanvaalipiirinvihreat.fi\\\/#website\",\"url\":\"https:\\\/\\\/vaasanvaalipiirinvihreat.fi\\\/\",\"name\":\"vaasanvaalipiirinvihreat.fi\",\"description\":\"Vaasan vaalipiirin vihre\u00e4t - De Gr\u00f6na i Vasa valkrets\",\"publisher\":{\"@id\":\"https:\\\/\\\/vaasanvaalipiirinvihreat.fi\\\/#organization\"},\"potentialAction\":[{\"@type\":\"SearchAction\",\"target\":{\"@type\":\"EntryPoint\",\"urlTemplate\":\"https:\\\/\\\/vaasanvaalipiirinvihreat.fi\\\/?s={search_term_string}\"},\"query-input\":{\"@type\":\"PropertyValueSpecification\",\"valueRequired\":true,\"valueName\":\"search_term_string\"}}],\"inLanguage\":\"fi\"},{\"@type\":\"Organization\",\"@id\":\"https:\\\/\\\/vaasanvaalipiirinvihreat.fi\\\/#organization\",\"name\":\"vaasanvaalipiirinvihreat.fi\",\"alternateName\":\"Vaasan vaalipiirin vihre\u00e4t - De Gr\u00f6na i Vasa valkrets\",\"url\":\"https:\\\/\\\/vaasanvaalipiirinvihreat.fi\\\/\",\"logo\":{\"@type\":\"ImageObject\",\"inLanguage\":\"fi\",\"@id\":\"https:\\\/\\\/vaasanvaalipiirinvihreat.fi\\\/#\\\/schema\\\/logo\\\/image\\\/\",\"url\":\"https:\\\/\\\/vaasanvaalipiirinvihreat.fi\\\/wp-content\\\/uploads\\\/2025\\\/01\\\/Vihreat_Logo_HOR_RGB_FIN_SWE.png\",\"contentUrl\":\"https:\\\/\\\/vaasanvaalipiirinvihreat.fi\\\/wp-content\\\/uploads\\\/2025\\\/01\\\/Vihreat_Logo_HOR_RGB_FIN_SWE.png\",\"width\":1162,\"height\":409,\"caption\":\"vaasanvaalipiirinvihreat.fi\"},\"image\":{\"@id\":\"https:\\\/\\\/vaasanvaalipiirinvihreat.fi\\\/#\\\/schema\\\/logo\\\/image\\\/\"},\"sameAs\":[\"https:\\\/\\\/www.facebook.com\\\/VaasanVaalipiirinVihreat\"]}]}<\/script>\n<!-- \/ Yoast SEO plugin. -->","yoast_head_json":{"title":"Vaasan vaalipiirin vihre\u00e4t - De Gr\u00f6na i Vasa valkrets","description":"Vaasan vaalipiirin vihre\u00e4t on Vihre\u00e4 liitto rp:n piiriyhdistys. Alueemme kattaa Etel\u00e4-Pohjanmaan, Pohjanmaan ja Keski-Pohjanmaan maakunnat.","robots":{"index":"index","follow":"follow","max-snippet":"max-snippet:-1","max-image-preview":"max-image-preview:large","max-video-preview":"max-video-preview:-1"},"canonical":"https:\/\/vaasanvaalipiirinvihreat.fi\/","og_locale":"fi_FI","og_type":"article","og_title":"Vaasan vaalipiirin vihre\u00e4t - De Gr\u00f6na i Vasa valkrets","og_description":"Vaasan vaalipiirin vihre\u00e4t on Vihre\u00e4 liitto rp:n piiriyhdistys, jonka toimialue kattaa Etel\u00e4-Pohjanmaan, Pohjanmaan ja Keski-Pohjanmaan maakunnat.","og_url":"https:\/\/vaasanvaalipiirinvihreat.fi\/","og_site_name":"vaasanvaalipiirinvihreat.fi","article_publisher":"https:\/\/www.facebook.com\/VaasanVaalipiirinVihreat","article_modified_time":"2025-01-21T11:17:40+00:00","og_image":[{"width":1162,"height":409,"url":"https:\/\/vaasanvaalipiirinvihreat.fi\/wp-content\/uploads\/2025\/01\/Vihreat_Logo_HOR_RGB_FIN_SWE.png","type":"image\/png"}],"twitter_card":"summary_large_image","twitter_misc":{"Arvioitu lukuaika":"2 minuuttia"},"schema":{"@context":"https:\/\/schema.org","@graph":[{"@type":"WebPage","@id":"https:\/\/vaasanvaalipiirinvihreat.fi\/","url":"https:\/\/vaasanvaalipiirinvihreat.fi\/","name":"Vaasan vaalipiirin vihre\u00e4t - De Gr\u00f6na i Vasa valkrets","isPartOf":{"@id":"https:\/\/vaasanvaalipiirinvihreat.fi\/#website"},"primaryImageOfPage":{"@id":"https:\/\/vaasanvaalipiirinvihreat.fi\/#primaryimage"},"image":{"@id":"https:\/\/vaasanvaalipiirinvihreat.fi\/#primaryimage"},"thumbnailUrl":"https:\/\/vaasanvaalipiirinvihreat.fi\/wp-content\/uploads\/2025\/01\/pekka-haavisto-puisto-1536x1024-1-1024x683.jpg","datePublished":"2025-01-20T14:10:43+00:00","dateModified":"2025-01-21T11:17:40+00:00","description":"Vaasan vaalipiirin vihre\u00e4t on Vihre\u00e4 liitto rp:n piiriyhdistys. Alueemme kattaa Etel\u00e4-Pohjanmaan, Pohjanmaan ja Keski-Pohjanmaan maakunnat.","breadcrumb":{"@id":"https:\/\/vaasanvaalipiirinvihreat.fi\/#breadcrumb"},"inLanguage":"fi","potentialAction":[{"@type":"ReadAction","target":["https:\/\/vaasanvaalipiirinvihreat.fi\/"]}]},{"@type":"ImageObject","inLanguage":"fi","@id":"https:\/\/vaasanvaalipiirinvihreat.fi\/#primaryimage","url":"https:\/\/vaasanvaalipiirinvihreat.fi\/wp-content\/uploads\/2025\/01\/pekka-haavisto-puisto-1536x1024-1.jpg","contentUrl":"https:\/\/vaasanvaalipiirinvihreat.fi\/wp-content\/uploads\/2025\/01\/pekka-haavisto-puisto-1536x1024-1.jpg","width":1536,"height":1024},{"@type":"BreadcrumbList","@id":"https:\/\/vaasanvaalipiirinvihreat.fi\/#breadcrumb","itemListElement":[{"@type":"ListItem","position":1,"name":"Etusivu","item":"https:\/\/vaasanvaalipiirinvihreat.fi\/"},{"@type":"ListItem","position":2,"name":"etusivu"}]},{"@type":"WebSite","@id":"https:\/\/vaasanvaalipiirinvihreat.fi\/#website","url":"https:\/\/vaasanvaalipiirinvihreat.fi\/","name":"vaasanvaalipiirinvihreat.fi","description":"Vaasan vaalipiirin vihre\u00e4t - De Gr\u00f6na i Vasa valkrets","publisher":{"@id":"https:\/\/vaasanvaalipiirinvihreat.fi\/#organization"},"potentialAction":[{"@type":"SearchAction","target":{"@type":"EntryPoint","urlTemplate":"https:\/\/vaasanvaalipiirinvihreat.fi\/?s={search_term_string}"},"query-input":{"@type":"PropertyValueSpecification","valueRequired":true,"valueName":"search_term_string"}}],"inLanguage":"fi"},{"@type":"Organization","@id":"https:\/\/vaasanvaalipiirinvihreat.fi\/#organization","name":"vaasanvaalipiirinvihreat.fi","alternateName":"Vaasan vaalipiirin vihre\u00e4t - De Gr\u00f6na i Vasa valkrets","url":"https:\/\/vaasanvaalipiirinvihreat.fi\/","logo":{"@type":"ImageObject","inLanguage":"fi","@id":"https:\/\/vaasanvaalipiirinvihreat.fi\/#\/schema\/logo\/image\/","url":"https:\/\/vaasanvaalipiirinvihreat.fi\/wp-content\/uploads\/2025\/01\/Vihreat_Logo_HOR_RGB_FIN_SWE.png","contentUrl":"https:\/\/vaasanvaalipiirinvihreat.fi\/wp-content\/uploads\/2025\/01\/Vihreat_Logo_HOR_RGB_FIN_SWE.png","width":1162,"height":409,"caption":"vaasanvaalipiirinvihreat.fi"},"image":{"@id":"https:\/\/vaasanvaalipiirinvihreat.fi\/#\/schema\/logo\/image\/"},"sameAs":["https:\/\/www.facebook.com\/VaasanVaalipiirinVihreat"]}]}},"_links":{"self":[{"href":"https:\/\/vaasanvaalipiirinvihreat.fi\/index.php\/wp-json\/wp\/v2\/pages\/1936","targetHints":{"allow":["GET"]}}],"collection":[{"href":"https:\/\/vaasanvaalipiirinvihreat.fi\/index.php\/wp-json\/wp\/v2\/pages"}],"about":[{"href":"https:\/\/vaasanvaalipiirinvihreat.fi\/index.php\/wp-json\/wp\/v2\/types\/page"}],"author":[{"embeddable":true,"href":"https:\/\/vaasanvaalipiirinvihreat.fi\/index.php\/wp-json\/wp\/v2\/users\/1"}],"replies":[{"embeddable":true,"href":"https:\/\/vaasanvaalipiirinvihreat.fi\/index.php\/wp-json\/wp\/v2\/comments?post=1936"}],"version-history":[{"count":15,"href":"https:\/\/vaasanvaalipiirinvihreat.fi\/index.php\/wp-json\/wp\/v2\/pages\/1936\/revisions"}],"predecessor-version":[{"id":2268,"href":"https:\/\/vaasanvaalipiirinvihreat.fi\/index.php\/wp-json\/wp\/v2\/pages\/1936\/revisions\/2268"}],"wp:attachment":[{"href":"https:\/\/vaasanvaalipiirinvihreat.fi\/index.php\/wp-json\/wp\/v2\/media?parent=1936"}],"curies":[{"name":"wp","href":"https:\/\/api.w.org\/{rel}","templated":true}]}}