{"id":7,"date":"2008-02-24T23:57:46","date_gmt":"2008-02-24T21:57:46","guid":{"rendered":"http:\/\/www.vavavi.fi\/yhteystiedot\/"},"modified":"2024-02-29T15:12:01","modified_gmt":"2024-02-29T13:12:01","slug":"yhteystiedot","status":"publish","type":"page","link":"https:\/\/vaasanvaalipiirinvihreat.fi\/tuonti\/yhteystiedot\/","title":{"rendered":"Yhteys"},"content":{"rendered":"<h1>Vaasan Vaalipiirin Vihre\u00e4t r.y<\/h1>\n<p class=\"has-medium-font-size\"><strong>Puheenjohtaja:<\/strong><br \/>Jenni Kuisti<\/p>\n<p class=\"has-medium-font-size\"><strong>Toiminnanjohtaja:<br \/><\/strong>Juuli Ojansuu<br \/>juuli.ojansuu (\u00e4t) vihreat.fi<br \/>+35841 317 6694<\/p>\n<p class=\"has-medium-font-size\"><strong>HALLITUS<\/strong><\/p>\n<p class=\"has-medium-font-size\"><strong>Hallitus 2024<br \/><\/strong>Puheenjohtaja, Jenni Kuisti<\/p>\n<p class=\"has-medium-font-size\"><strong>Varapuheenjohtaja<br \/><\/strong>Elina Sahlgren, Vaasa<strong><\/p>\n<p>Hallituksen j\u00e4senet 2024:<br \/><\/strong>Laura Ala-Kokko, Sein\u00e4joki<strong><br \/><\/strong>Tiia Lumilaakso, Kokkola<br \/>Heidi V\u00e4liaho, Sein\u00e4joki<br \/>Marko Per\u00e4l\u00e4, Vaasa<br \/>Taavi Horila, Sein\u00e4joki<br \/>Minna Roukkio-Taipale, Kokkola<br \/>Piia \u00c4ij\u00f6, Kauhajoki<br \/>Anni Teerikangas, Pietarsaari<\/p>\n<p class=\"has-medium-font-size\"><strong>Varaj\u00e4senet<\/strong><\/p>\n<p class=\"has-medium-font-size\">Safa Hammad, Vaasa<\/p>\n<p class=\"has-medium-font-size\">Topias Lahdensuo, Vaasa<br \/>Jami Haavisto, Sein\u00e4joki<br \/>Laura Sahlgren, Kokkola<br \/>Maria Saita, Vaasa<\/p>\n<p class=\"has-medium-font-size\">Yhteys hallitukseen<br \/>juuli.ojansuu@vihreat.fi<\/p>\n<p class=\"has-medium-font-size\">\n<p class=\"has-medium-font-size\"><a href=\"https:\/\/www.vaasanseudunvihreat.fi\/\"><strong>Rannikko-Pohjanmaan Vihre\u00e4t Vasanejdens Gr\u00f6na<\/strong><\/a><br \/><a href=\"https:\/\/www.facebook.com\/vaasanseudunvihreat\/\">Facebook<\/a><\/p>\n<p class=\"has-medium-font-size\" id=\"block-7003139c-d4e7-4547-825d-b4ffbca4677b\"><a href=\"https:\/\/www.etelapohjanmaanvihreat.fi\/\"><strong>Etel\u00e4-Pohjanmaan Vihre\u00e4t<\/strong><\/a><br \/><a href=\"https:\/\/www.facebook.com\/etelapohjanmaanvihreat\/\">Facebook<\/a><\/p>\n<p class=\"has-medium-font-size\" id=\"block-61c7966f-c5ac-48d7-927f-daf7a06ad40e\"><a href=\"https:\/\/keski-pohjanmaanvihreat.fi\/\"><strong>Keski-Pohjanmaan Vihre\u00e4t<\/strong><\/a><br \/><a href=\"https:\/\/www.facebook.com\/keskipohjanmaanvihreat\/\">Facebook<\/a><\/p>\n<p class=\"has-medium-font-size\"><strong><a href=\"https:\/\/www.seinajoenvihreat.fi\/\">Sein\u00e4joen vihre\u00e4t<\/a><\/strong><br \/><a href=\"https:\/\/www.facebook.com\/SeinajoenVihreat\">Facebook<\/a><\/p>\n<p class=\"has-medium-font-size\" id=\"block-0f550051-6002-4422-ab0c-90753eeda0cc\"><a href=\"https:\/\/yhdistykset.vihreat.fi\/pietarsaaren.vihreat\/\"><strong>Pietarsaaren Vihre\u00e4t De Gr\u00f6na i Jakobstad<\/strong><\/a><br \/><a href=\"https:\/\/www.facebook.com\/DeGrona\/\">Facebook<\/a><\/p>\n<p class=\"has-medium-font-size\" id=\"block-bfb07b8e-9647-4cba-9891-2442a7f1b78f\"><strong>Pohjanmaan vihre\u00e4t nuoret<\/strong><br \/><a href=\"https:\/\/www.facebook.com\/vaasanvino\/\">Facebook<\/a><\/p>\n<p class=\"has-medium-font-size\" id=\"block-86a5c3e3-c5de-402f-bb27-7efd2670a82f\"><strong>Lakeuden Vihre\u00e4t Naiset<\/strong><br \/><a href=\"https:\/\/www.facebook.com\/LakeudenVihreatNaiset\/\">Facebook<\/a><\/p>\n<p class=\"has-medium-font-size\">F\u00f6r svenskspr\u00e5kiga medlemmar i omr\u00e5det:<br \/><strong>GriFi &#8211; Finlands Svenska gr\u00f6na<\/strong><br \/><a href=\"https:\/\/www.facebook.com\/finlandssvenskagrona\/\">Finlands Svenska Gr\u00f6na &#8211; Grifi | Facebook<\/a><\/p><\/p>\n","protected":false},"excerpt":{"rendered":"<p>Vaasan Vaalipiirin Vihre\u00e4t r.y Puheenjohtaja:Jenni Kuisti Toiminnanjohtaja:Juuli Ojansuujuuli.ojansuu (\u00e4t) vihreat.fi+35841 317 6694 HALLITUS Hallitus 2024Puheenjohtaja, Jenni Kuisti VarapuheenjohtajaElina Sahlgren, Vaasa Hallituksen j\u00e4senet 2024:Laura Ala-Kokko, Sein\u00e4jokiTiia Lumilaakso, KokkolaHeidi V\u00e4liaho, Sein\u00e4jokiMarko Per\u00e4l\u00e4, VaasaTaavi Horila, Sein\u00e4jokiMinna Roukkio-Taipale, KokkolaPiia \u00c4ij\u00f6, KauhajokiAnni Teerikangas, Pietarsaari Varaj\u00e4senet Safa Hammad, Vaasa Topias Lahdensuo, VaasaJami Haavisto, Sein\u00e4jokiLaura Sahlgren, KokkolaMaria Saita, Vaasa Yhteys hallitukseenjuuli.ojansuu@vihreat.fi Rannikko-Pohjanmaan [&hellip;]<\/p>\n","protected":false},"author":1,"featured_media":0,"parent":0,"menu_order":0,"comment_status":"closed","ping_status":"closed","template":"","meta":{"footnotes":""},"class_list":["post-7","page","type-page","status-publish","hentry"],"_links":{"self":[{"href":"https:\/\/vaasanvaalipiirinvihreat.fi\/tuonti\/wp-json\/wp\/v2\/pages\/7","targetHints":{"allow":["GET"]}}],"collection":[{"href":"https:\/\/vaasanvaalipiirinvihreat.fi\/tuonti\/wp-json\/wp\/v2\/pages"}],"about":[{"href":"https:\/\/vaasanvaalipiirinvihreat.fi\/tuonti\/wp-json\/wp\/v2\/types\/page"}],"author":[{"embeddable":true,"href":"https:\/\/vaasanvaalipiirinvihreat.fi\/tuonti\/wp-json\/wp\/v2\/users\/1"}],"replies":[{"embeddable":true,"href":"https:\/\/vaasanvaalipiirinvihreat.fi\/tuonti\/wp-json\/wp\/v2\/comments?post=7"}],"version-history":[{"count":31,"href":"https:\/\/vaasanvaalipiirinvihreat.fi\/tuonti\/wp-json\/wp\/v2\/pages\/7\/revisions"}],"predecessor-version":[{"id":1893,"href":"https:\/\/vaasanvaalipiirinvihreat.fi\/tuonti\/wp-json\/wp\/v2\/pages\/7\/revisions\/1893"}],"wp:attachment":[{"href":"https:\/\/vaasanvaalipiirinvihreat.fi\/tuonti\/wp-json\/wp\/v2\/media?parent=7"}],"curies":[{"name":"wp","href":"https:\/\/api.w.org\/{rel}","templated":true}]}}